{"id":478,"date":"2013-12-02T14:11:57","date_gmt":"2013-12-02T13:11:57","guid":{"rendered":"http:\/\/www.st-jacques-lorraine.fr\/asso_lorraine\/nvx_site\/?page_id=478"},"modified":"2026-04-16T09:15:25","modified_gmt":"2026-04-16T08:15:25","slug":"dans-la-presse","status":"publish","type":"page","link":"https:\/\/www.st-jacques-lorraine.fr\/asso_lorraine\/nvx_site\/la-documentation-archives\/dans-la-presse\/","title":{"rendered":"Dans la presse"},"content":{"rendered":"\n<figure class=\"wp-block-image size-full\"><a href=\"https:\/\/www.st-jacques-lorraine.fr\/asso_lorraine\/nvx_site\/wp-content\/uploads\/2026\/04\/est-republicain-2-avril-2026003.jpg\"><img loading=\"lazy\" decoding=\"async\" width=\"1024\" height=\"758\" src=\"https:\/\/www.st-jacques-lorraine.fr\/asso_lorraine\/nvx_site\/wp-content\/uploads\/2026\/04\/est-republicain-2-avril-2026003.jpg\" alt=\"\" class=\"wp-image-3875\" srcset=\"https:\/\/www.st-jacques-lorraine.fr\/asso_lorraine\/nvx_site\/wp-content\/uploads\/2026\/04\/est-republicain-2-avril-2026003.jpg 1024w, https:\/\/www.st-jacques-lorraine.fr\/asso_lorraine\/nvx_site\/wp-content\/uploads\/2026\/04\/est-republicain-2-avril-2026003-300x222.jpg 300w, https:\/\/www.st-jacques-lorraine.fr\/asso_lorraine\/nvx_site\/wp-content\/uploads\/2026\/04\/est-republicain-2-avril-2026003-768x569.jpg 768w\" sizes=\"auto, (max-width: 1024px) 100vw, 1024px\" \/><\/a><\/figure>\n\n\n\n<figure class=\"wp-block-image size-large\"><a href=\"https:\/\/www.st-jacques-lorraine.fr\/asso_lorraine\/nvx_site\/wp-content\/uploads\/2025\/11\/1000026121.jpg\"><img loading=\"lazy\" decoding=\"async\" width=\"719\" height=\"1024\" src=\"https:\/\/www.st-jacques-lorraine.fr\/asso_lorraine\/nvx_site\/wp-content\/uploads\/2025\/11\/1000026121-719x1024.jpg\" alt=\"\" class=\"wp-image-3689\" srcset=\"https:\/\/www.st-jacques-lorraine.fr\/asso_lorraine\/nvx_site\/wp-content\/uploads\/2025\/11\/1000026121-719x1024.jpg 719w, https:\/\/www.st-jacques-lorraine.fr\/asso_lorraine\/nvx_site\/wp-content\/uploads\/2025\/11\/1000026121-211x300.jpg 211w, https:\/\/www.st-jacques-lorraine.fr\/asso_lorraine\/nvx_site\/wp-content\/uploads\/2025\/11\/1000026121.jpg 727w\" sizes=\"auto, (max-width: 719px) 100vw, 719px\" \/><\/a><\/figure>\n\n\n\n<p>8 juillet 2025 Vosges Matin<\/p>\n\n\n\n<figure class=\"wp-block-image size-large\"><a href=\"https:\/\/www.st-jacques-lorraine.fr\/asso_lorraine\/nvx_site\/wp-content\/uploads\/2025\/08\/1000019052-scaled.jpg\"><img loading=\"lazy\" decoding=\"async\" width=\"739\" height=\"1024\" src=\"https:\/\/www.st-jacques-lorraine.fr\/asso_lorraine\/nvx_site\/wp-content\/uploads\/2025\/08\/1000019052-739x1024.jpg\" alt=\"\" class=\"wp-image-3637\" srcset=\"https:\/\/www.st-jacques-lorraine.fr\/asso_lorraine\/nvx_site\/wp-content\/uploads\/2025\/08\/1000019052-739x1024.jpg 739w, https:\/\/www.st-jacques-lorraine.fr\/asso_lorraine\/nvx_site\/wp-content\/uploads\/2025\/08\/1000019052-217x300.jpg 217w, https:\/\/www.st-jacques-lorraine.fr\/asso_lorraine\/nvx_site\/wp-content\/uploads\/2025\/08\/1000019052-768x1064.jpg 768w, https:\/\/www.st-jacques-lorraine.fr\/asso_lorraine\/nvx_site\/wp-content\/uploads\/2025\/08\/1000019052-1109x1536.jpg 1109w, https:\/\/www.st-jacques-lorraine.fr\/asso_lorraine\/nvx_site\/wp-content\/uploads\/2025\/08\/1000019052-1479x2048.jpg 1479w, https:\/\/www.st-jacques-lorraine.fr\/asso_lorraine\/nvx_site\/wp-content\/uploads\/2025\/08\/1000019052-scaled.jpg 1849w\" sizes=\"auto, (max-width: 739px) 100vw, 739px\" \/><\/a><\/figure>\n\n\n\n<p>28 septembre 2023 Vosges Matin<\/p>\n\n\n\n<figure class=\"wp-block-image size-large is-resized\"><a href=\"https:\/\/www.st-jacques-lorraine.fr\/asso_lorraine\/nvx_site\/wp-content\/uploads\/2023\/09\/Vosges-Matin-28-09-2023-1-scaled.jpg\"><img loading=\"lazy\" decoding=\"async\" width=\"460\" height=\"1024\" src=\"https:\/\/www.st-jacques-lorraine.fr\/asso_lorraine\/nvx_site\/wp-content\/uploads\/2023\/09\/Vosges-Matin-28-09-2023-1-460x1024.jpg\" alt=\"\" class=\"wp-image-2264\" style=\"width:334px;height:744px\" srcset=\"https:\/\/www.st-jacques-lorraine.fr\/asso_lorraine\/nvx_site\/wp-content\/uploads\/2023\/09\/Vosges-Matin-28-09-2023-1-460x1024.jpg 460w, https:\/\/www.st-jacques-lorraine.fr\/asso_lorraine\/nvx_site\/wp-content\/uploads\/2023\/09\/Vosges-Matin-28-09-2023-1-135x300.jpg 135w, https:\/\/www.st-jacques-lorraine.fr\/asso_lorraine\/nvx_site\/wp-content\/uploads\/2023\/09\/Vosges-Matin-28-09-2023-1-768x1708.jpg 768w, https:\/\/www.st-jacques-lorraine.fr\/asso_lorraine\/nvx_site\/wp-content\/uploads\/2023\/09\/Vosges-Matin-28-09-2023-1-691x1536.jpg 691w, https:\/\/www.st-jacques-lorraine.fr\/asso_lorraine\/nvx_site\/wp-content\/uploads\/2023\/09\/Vosges-Matin-28-09-2023-1-921x2048.jpg 921w, https:\/\/www.st-jacques-lorraine.fr\/asso_lorraine\/nvx_site\/wp-content\/uploads\/2023\/09\/Vosges-Matin-28-09-2023-1-scaled.jpg 1151w\" sizes=\"auto, (max-width: 460px) 100vw, 460px\" \/><\/a><\/figure>\n\n\n\n<p>Septembre 2023 Vosges Matin<\/p>\n\n\n\n<figure class=\"wp-block-image size-large is-resized\"><a href=\"https:\/\/www.st-jacques-lorraine.fr\/asso_lorraine\/nvx_site\/wp-content\/uploads\/2023\/09\/Vosges-Matin-Sept-2023-scaled.jpg\"><img loading=\"lazy\" decoding=\"async\" width=\"1024\" height=\"768\" src=\"https:\/\/www.st-jacques-lorraine.fr\/asso_lorraine\/nvx_site\/wp-content\/uploads\/2023\/09\/Vosges-Matin-Sept-2023-1024x768.jpg\" alt=\"\" class=\"wp-image-2265\" style=\"width:356px;height:266px\" srcset=\"https:\/\/www.st-jacques-lorraine.fr\/asso_lorraine\/nvx_site\/wp-content\/uploads\/2023\/09\/Vosges-Matin-Sept-2023-1024x768.jpg 1024w, https:\/\/www.st-jacques-lorraine.fr\/asso_lorraine\/nvx_site\/wp-content\/uploads\/2023\/09\/Vosges-Matin-Sept-2023-300x225.jpg 300w, https:\/\/www.st-jacques-lorraine.fr\/asso_lorraine\/nvx_site\/wp-content\/uploads\/2023\/09\/Vosges-Matin-Sept-2023-768x576.jpg 768w, https:\/\/www.st-jacques-lorraine.fr\/asso_lorraine\/nvx_site\/wp-content\/uploads\/2023\/09\/Vosges-Matin-Sept-2023-1536x1152.jpg 1536w, https:\/\/www.st-jacques-lorraine.fr\/asso_lorraine\/nvx_site\/wp-content\/uploads\/2023\/09\/Vosges-Matin-Sept-2023-2048x1536.jpg 2048w\" sizes=\"auto, (max-width: 1024px) 100vw, 1024px\" \/><\/a><\/figure>\n\n\n\n<figure class=\"wp-block-image size-large is-resized\"><a href=\"https:\/\/www.st-jacques-lorraine.fr\/asso_lorraine\/nvx_site\/wp-content\/uploads\/2023\/10\/Vosges-Matin-30-sept-2023-scaled.jpg\"><img loading=\"lazy\" decoding=\"async\" width=\"1024\" height=\"768\" src=\"https:\/\/www.st-jacques-lorraine.fr\/asso_lorraine\/nvx_site\/wp-content\/uploads\/2023\/10\/Vosges-Matin-30-sept-2023-1024x768.jpg\" alt=\"\" class=\"wp-image-2285\" style=\"width:357px;height:267px\" srcset=\"https:\/\/www.st-jacques-lorraine.fr\/asso_lorraine\/nvx_site\/wp-content\/uploads\/2023\/10\/Vosges-Matin-30-sept-2023-1024x768.jpg 1024w, https:\/\/www.st-jacques-lorraine.fr\/asso_lorraine\/nvx_site\/wp-content\/uploads\/2023\/10\/Vosges-Matin-30-sept-2023-300x225.jpg 300w, https:\/\/www.st-jacques-lorraine.fr\/asso_lorraine\/nvx_site\/wp-content\/uploads\/2023\/10\/Vosges-Matin-30-sept-2023-768x576.jpg 768w, https:\/\/www.st-jacques-lorraine.fr\/asso_lorraine\/nvx_site\/wp-content\/uploads\/2023\/10\/Vosges-Matin-30-sept-2023-1536x1152.jpg 1536w, https:\/\/www.st-jacques-lorraine.fr\/asso_lorraine\/nvx_site\/wp-content\/uploads\/2023\/10\/Vosges-Matin-30-sept-2023-2048x1536.jpg 2048w\" sizes=\"auto, (max-width: 1024px) 100vw, 1024px\" \/><\/a><\/figure>\n\n\n\n<p>25 ao\u00fbt 2023 Presse de Toul<\/p>\n\n\n\n<figure class=\"wp-block-image size-full is-resized\"><a href=\"https:\/\/www.st-jacques-lorraine.fr\/asso_lorraine\/nvx_site\/wp-content\/uploads\/2023\/09\/Est-Republicain-23-aout-2023.jpg\"><img loading=\"lazy\" decoding=\"async\" width=\"464\" height=\"503\" src=\"https:\/\/www.st-jacques-lorraine.fr\/asso_lorraine\/nvx_site\/wp-content\/uploads\/2023\/09\/Est-Republicain-23-aout-2023.jpg\" alt=\"\" class=\"wp-image-2241\" style=\"width:330px;height:358px\" srcset=\"https:\/\/www.st-jacques-lorraine.fr\/asso_lorraine\/nvx_site\/wp-content\/uploads\/2023\/09\/Est-Republicain-23-aout-2023.jpg 464w, https:\/\/www.st-jacques-lorraine.fr\/asso_lorraine\/nvx_site\/wp-content\/uploads\/2023\/09\/Est-Republicain-23-aout-2023-277x300.jpg 277w\" sizes=\"auto, (max-width: 464px) 100vw, 464px\" \/><\/a><\/figure>\n\n\n\n<figure class=\"wp-block-image size-full is-resized\"><a href=\"https:\/\/www.st-jacques-lorraine.fr\/asso_lorraine\/nvx_site\/wp-content\/uploads\/2023\/09\/Est-Rep.-23082023.jpg\"><img loading=\"lazy\" decoding=\"async\" width=\"806\" height=\"669\" src=\"https:\/\/www.st-jacques-lorraine.fr\/asso_lorraine\/nvx_site\/wp-content\/uploads\/2023\/09\/Est-Rep.-23082023.jpg\" alt=\"\" class=\"wp-image-2242\" style=\"width:416px;height:345px\" srcset=\"https:\/\/www.st-jacques-lorraine.fr\/asso_lorraine\/nvx_site\/wp-content\/uploads\/2023\/09\/Est-Rep.-23082023.jpg 806w, https:\/\/www.st-jacques-lorraine.fr\/asso_lorraine\/nvx_site\/wp-content\/uploads\/2023\/09\/Est-Rep.-23082023-300x249.jpg 300w, https:\/\/www.st-jacques-lorraine.fr\/asso_lorraine\/nvx_site\/wp-content\/uploads\/2023\/09\/Est-Rep.-23082023-768x637.jpg 768w\" sizes=\"auto, (max-width: 806px) 100vw, 806px\" \/><\/a><\/figure>\n\n\n<p>Robert, Vosges matin<br \/><a href=\"https:\/\/www.st-jacques-lorraine.fr\/asso_lorraine\/nvx_site\/wp-content\/uploads\/2013\/12\/Pierron.jpg\"><img loading=\"lazy\" decoding=\"async\" class=\"wp-image-1576 alignleft\" src=\"https:\/\/www.st-jacques-lorraine.fr\/asso_lorraine\/nvx_site\/wp-content\/uploads\/2013\/12\/Pierron.jpg\" alt=\"Pierron\" width=\"224\" height=\"137\" srcset=\"https:\/\/www.st-jacques-lorraine.fr\/asso_lorraine\/nvx_site\/wp-content\/uploads\/2013\/12\/Pierron.jpg 1439w, https:\/\/www.st-jacques-lorraine.fr\/asso_lorraine\/nvx_site\/wp-content\/uploads\/2013\/12\/Pierron-300x183.jpg 300w, https:\/\/www.st-jacques-lorraine.fr\/asso_lorraine\/nvx_site\/wp-content\/uploads\/2013\/12\/Pierron-1024x625.jpg 1024w\" sizes=\"auto, (max-width: 224px) 100vw, 224px\" \/><\/a><\/p>\n<p>&nbsp;<\/p>\n<p>&nbsp;<\/p>\n<p>&nbsp;<\/p>\n<p>Claude et Jacques de Charmes, Vosges matin.<br \/><a href=\"https:\/\/www.st-jacques-lorraine.fr\/asso_lorraine\/nvx_site\/wp-content\/uploads\/2013\/12\/claude-jacques-charmes.jpg\"><img loading=\"lazy\" decoding=\"async\" class=\"wp-image-1560 alignleft\" src=\"https:\/\/www.st-jacques-lorraine.fr\/asso_lorraine\/nvx_site\/wp-content\/uploads\/2013\/12\/claude-jacques-charmes.jpg\" alt=\"claude-jacques-charmes\" width=\"282\" height=\"229\" srcset=\"https:\/\/www.st-jacques-lorraine.fr\/asso_lorraine\/nvx_site\/wp-content\/uploads\/2013\/12\/claude-jacques-charmes.jpg 794w, https:\/\/www.st-jacques-lorraine.fr\/asso_lorraine\/nvx_site\/wp-content\/uploads\/2013\/12\/claude-jacques-charmes-300x244.jpg 300w\" sizes=\"auto, (max-width: 282px) 100vw, 282px\" \/><\/a><\/p>\n<p>&nbsp;<\/p>\n<p>&nbsp;<\/p>\n<p>&nbsp;<\/p>\n<p>&nbsp;<\/p>\n<p>&nbsp;<\/p>\n<p>Claudine et Salvatore sur la Via Francigena dans L&rsquo;Est R\u00e9publicain<br \/><a href=\"https:\/\/www.st-jacques-lorraine.fr\/asso_lorraine\/nvx_site\/wp-content\/uploads\/2013\/12\/6-nov-2016-francheville-roma.jpg\"><img loading=\"lazy\" decoding=\"async\" class=\"wp-image-1394 alignleft\" src=\"https:\/\/www.st-jacques-lorraine.fr\/asso_lorraine\/nvx_site\/wp-content\/uploads\/2013\/12\/6-nov-2016-francheville-roma.jpg\" alt=\"6-nov-2016-francheville-roma\" width=\"271\" height=\"149\" srcset=\"https:\/\/www.st-jacques-lorraine.fr\/asso_lorraine\/nvx_site\/wp-content\/uploads\/2013\/12\/6-nov-2016-francheville-roma.jpg 2233w, https:\/\/www.st-jacques-lorraine.fr\/asso_lorraine\/nvx_site\/wp-content\/uploads\/2013\/12\/6-nov-2016-francheville-roma-300x165.jpg 300w, https:\/\/www.st-jacques-lorraine.fr\/asso_lorraine\/nvx_site\/wp-content\/uploads\/2013\/12\/6-nov-2016-francheville-roma-1024x562.jpg 1024w\" sizes=\"auto, (max-width: 271px) 100vw, 271px\" \/><\/a><\/p>\n<p>&nbsp;<\/p>\n<p>&nbsp;<\/p>\n<p>&nbsp;<\/p>\n<p>Une page sp\u00e9ciale chez nos voisins de Franche-Comt\u00e9, L&rsquo;Est R\u00e9publicain, juin 2016.<\/p>\n<p><a href=\"https:\/\/www.st-jacques-lorraine.fr\/asso_lorraine\/nvx_site\/wp-content\/uploads\/2013\/12\/grand-angle-ER-FC-2016.jpg\"><img loading=\"lazy\" decoding=\"async\" class=\" size-thumbnail wp-image-1375 alignleft\" src=\"https:\/\/www.st-jacques-lorraine.fr\/asso_lorraine\/nvx_site\/wp-content\/uploads\/2013\/12\/grand-angle-ER-FC-2016-150x150.jpg\" alt=\"grand-angle-ER-FC-2016\" width=\"150\" height=\"150\" \/><\/a><\/p>\n<p>&nbsp;<\/p>\n<p>&nbsp;<\/p>\n<p>&nbsp;<\/p>\n<p>&nbsp;<\/p>\n<p style=\"text-align: left;\">Un article du R\u00e9publicain Lorrain (juillet 2016), un couple allemand \u00e0 K\u00e9dange-sur-Canner.<\/p>\n<p><a href=\"https:\/\/www.st-jacques-lorraine.fr\/asso_lorraine\/nvx_site\/wp-content\/uploads\/2013\/12\/article-juillet-kedange.jpg\"><img loading=\"lazy\" decoding=\"async\" class=\" size-thumbnail wp-image-1372 alignleft\" src=\"https:\/\/www.st-jacques-lorraine.fr\/asso_lorraine\/nvx_site\/wp-content\/uploads\/2013\/12\/article-juillet-kedange-150x150.jpg\" alt=\"article-juillet-kedange\" width=\"150\" height=\"150\" \/><\/a><\/p>\n<p>&nbsp;<\/p>\n<p>&nbsp;<\/p>\n<p>&nbsp;<\/p>\n<p>&nbsp;<\/p>\n<p>La sortie de printemps \u00e0 Lun\u00e9ville le 10 avril 2016, dans L&rsquo;Est R\u00e9publicain.<\/p>\n<p><a href=\"https:\/\/www.st-jacques-lorraine.fr\/asso_lorraine\/nvx_site\/wp-content\/uploads\/2016\/03\/st_jacques_luneville.jpg\"><img loading=\"lazy\" decoding=\"async\" class=\"alignleft size-thumbnail wp-image-1319\" src=\"https:\/\/www.st-jacques-lorraine.fr\/asso_lorraine\/nvx_site\/wp-content\/uploads\/2016\/03\/st_jacques_luneville-150x150.jpg\" alt=\"st_jacques_luneville\" width=\"150\" height=\"150\" \/><\/a><\/p>\n<p>&nbsp;<\/p>\n<p>&nbsp;<\/p>\n<p>&nbsp;<\/p>\n<p>&nbsp;<\/p>\n<p>L&rsquo;assembl\u00e9e g\u00e9n\u00e9rale dans L&rsquo;Est R\u00e9publicain du 11 mars (\u00e0 noter que la sortie d&rsquo;automne a lieu le 25 septembre).<\/p>\n<p><a href=\"https:\/\/www.st-jacques-lorraine.fr\/asso_lorraine\/nvx_site\/wp-content\/uploads\/2013\/12\/AG_compo_110316.jpg\"><img loading=\"lazy\" decoding=\"async\" class=\"alignleft size-thumbnail wp-image-1305\" src=\"https:\/\/www.st-jacques-lorraine.fr\/asso_lorraine\/nvx_site\/wp-content\/uploads\/2013\/12\/AG_compo_110316-150x150.jpg\" alt=\"AG_compo_110316\" width=\"150\" height=\"150\" \/><\/a><\/p>\n<p>&nbsp;<\/p>\n<p>&nbsp;<\/p>\n<p>&nbsp;<\/p>\n<p>&nbsp;<\/p>\n<p>Marie-Laure Balandier dans Vosges matin, f\u00e9vrier 2016<\/p>\n<p><a href=\"https:\/\/www.st-jacques-lorraine.fr\/asso_lorraine\/nvx_site\/wp-content\/uploads\/2013\/12\/VM_230216_MLB.jpg\"><img loading=\"lazy\" decoding=\"async\" class=\"alignleft size-thumbnail wp-image-1293\" src=\"https:\/\/www.st-jacques-lorraine.fr\/asso_lorraine\/nvx_site\/wp-content\/uploads\/2013\/12\/VM_230216_MLB-150x150.jpg\" alt=\"VM_230216_MLB\" width=\"150\" height=\"150\" \/><\/a><\/p>\n<p>&nbsp;<\/p>\n<p>&nbsp;<\/p>\n<p>&nbsp;<\/p>\n<p>&nbsp;<\/p>\n<p>Serge Machepy dans Le R\u00e9publicain Lorrain, janvier 2016<\/p>\n<p><a href=\"https:\/\/www.st-jacques-lorraine.fr\/asso_lorraine\/nvx_site\/wp-content\/uploads\/2013\/12\/serge_machepy-RL.jpeg\"><img loading=\"lazy\" decoding=\"async\" class=\"alignleft size-thumbnail wp-image-1284\" src=\"https:\/\/www.st-jacques-lorraine.fr\/asso_lorraine\/nvx_site\/wp-content\/uploads\/2013\/12\/serge_machepy-RL-150x150.jpeg\" alt=\"serge_machepy-RL\" width=\"150\" height=\"150\" \/><\/a><\/p>\n<p>&nbsp;<\/p>\n<p>&nbsp;<\/p>\n<p>&nbsp;<\/p>\n<p>&nbsp;<\/p>\n<p>Dans Vosges matin, d\u00e9cembre 2015<br \/><a href=\"https:\/\/www.st-jacques-lorraine.fr\/asso_lorraine\/nvx_site\/wp-content\/uploads\/2013\/12\/REM05_20122015.jpg\"><img loading=\"lazy\" decoding=\"async\" class=\"alignleft size-thumbnail wp-image-1277\" src=\"https:\/\/www.st-jacques-lorraine.fr\/asso_lorraine\/nvx_site\/wp-content\/uploads\/2013\/12\/REM05_20122015-150x150.jpg\" alt=\"REM05_20122015\" width=\"150\" height=\"150\" \/><\/a><\/p>\n<p>&nbsp;<\/p>\n<p>&nbsp;<\/p>\n<p>&nbsp;<\/p>\n<p>Dans Le R\u00e9publicain Lorrain, ao\u00fbt 2015<br \/><a href=\"https:\/\/www.st-jacques-lorraine.fr\/asso_lorraine\/nvx_site\/wp-content\/uploads\/2013\/12\/ottange_aout2015.jpg\"><img loading=\"lazy\" decoding=\"async\" class=\"alignleft size-thumbnail wp-image-1142\" src=\"https:\/\/www.st-jacques-lorraine.fr\/asso_lorraine\/nvx_site\/wp-content\/uploads\/2013\/12\/ottange_aout2015-150x150.jpg\" alt=\"px\" width=\"150\" height=\"150\" \/><\/a><\/p>\n<p><a href=\"https:\/\/www.st-jacques-lorraine.fr\/asso_lorraine\/nvx_site\/wp-content\/uploads\/2013\/12\/Vic_sur_Seille_aout2015.jpg\"><img loading=\"lazy\" decoding=\"async\" class=\"alignleft size-thumbnail wp-image-1143\" src=\"https:\/\/www.st-jacques-lorraine.fr\/asso_lorraine\/nvx_site\/wp-content\/uploads\/2013\/12\/Vic_sur_Seille_aout2015-150x150.jpg\" alt=\"px\" width=\"150\" height=\"150\" \/><\/a><\/p>\n<p>&nbsp;<\/p>\n<p>&nbsp;<\/p>\n<p>&nbsp;<\/p>\n<p>&nbsp;<\/p>\n<p>Dans Vosges matin, 3 ao\u00fbt 2015<br \/><a href=\"https:\/\/www.st-jacques-lorraine.fr\/asso_lorraine\/nvx_site\/wp-content\/uploads\/2013\/12\/VOM_382015.jpg\"><img loading=\"lazy\" decoding=\"async\" class=\"alignleft size-thumbnail wp-image-1104\" src=\"https:\/\/www.st-jacques-lorraine.fr\/asso_lorraine\/nvx_site\/wp-content\/uploads\/2013\/12\/VOM_382015-150x150.jpg\" alt=\"VOM_382015\" width=\"150\" height=\"150\" \/><\/a><\/p>\n<p>&nbsp;<\/p>\n<p>&nbsp;<\/p>\n<p>&nbsp;<\/p>\n<p>Dans L&rsquo;Est R\u00e9publicain, juillet 2015<br \/><a href=\"https:\/\/www.st-jacques-lorraine.fr\/asso_lorraine\/nvx_site\/wp-content\/uploads\/2013\/12\/pelerins_lituaniens.jpg\"><img loading=\"lazy\" decoding=\"async\" class=\"alignleft size-thumbnail wp-image-1103\" src=\"https:\/\/www.st-jacques-lorraine.fr\/asso_lorraine\/nvx_site\/wp-content\/uploads\/2013\/12\/pelerins_lituaniens-150x150.jpg\" alt=\"pelerins_lituaniens\" width=\"150\" height=\"150\" \/><\/a><\/p>\n<p>&nbsp;<\/p>\n<p>&nbsp;<\/p>\n<p>&nbsp;<\/p>\n<p>Dans L&rsquo;Est R\u00e9publicain, juin 2015<br \/><a href=\"https:\/\/www.st-jacques-lorraine.fr\/asso_lorraine\/nvx_site\/wp-content\/uploads\/2013\/12\/dieulouard_compo.jpg\"><img loading=\"lazy\" decoding=\"async\" class=\"alignleft size-thumbnail wp-image-1102\" src=\"https:\/\/www.st-jacques-lorraine.fr\/asso_lorraine\/nvx_site\/wp-content\/uploads\/2013\/12\/dieulouard_compo-150x150.jpg\" alt=\"dieulouard_compo\" width=\"150\" height=\"150\" \/><\/a><\/p>\n<p>&nbsp;<\/p>\n<p>&nbsp;<\/p>\n<p>&nbsp;<\/p>\n<p>Dans Vosges Matin \u00e9dition d&rsquo;Epinal, dimanche 7 juin<\/p>\n<p><a href=\"https:\/\/www.st-jacques-lorraine.fr\/asso_lorraine\/nvx_site\/wp-content\/uploads\/2013\/12\/vom_070615_domremy.jpg\"><img loading=\"lazy\" decoding=\"async\" class=\"size-thumbnail wp-image-1067 alignleft\" src=\"https:\/\/www.st-jacques-lorraine.fr\/asso_lorraine\/nvx_site\/wp-content\/uploads\/2013\/12\/vom_070615_domremy-150x150.jpg\" alt=\"vom_070615_domremy\" width=\"150\" height=\"150\" \/><\/a><\/p>\n<p>&nbsp;<\/p>\n<p>&nbsp;<\/p>\n<p>&nbsp;<\/p>\n<p>Dans Vosges Matin \u00e9dition d&rsquo;Epinal, vendredi 20 f\u00e9vrier<br \/><a href=\"https:\/\/www.st-jacques-lorraine.fr\/asso_lorraine\/nvx_site\/wp-content\/uploads\/2013\/12\/D_Miller_VOM_fev2015.jpg\"><img loading=\"lazy\" decoding=\"async\" class=\"size-thumbnail wp-image-1034 alignleft\" src=\"https:\/\/www.st-jacques-lorraine.fr\/asso_lorraine\/nvx_site\/wp-content\/uploads\/2013\/12\/D_Miller_VOM_fev2015-150x150.jpg\" alt=\"D_Miller_VOM_fev2015\" width=\"150\" height=\"150\" \/><\/a><\/p>\n<p>&nbsp;<\/p>\n<p>&nbsp;<\/p>\n<p>&nbsp;<\/p>\n<p>Un article paru dans le R\u00e9publicain Lorrain du 16 janvier 2015 : l&rsquo;interview du pr\u00e9sident du d\u00e9partement de la Moselle.\u00a0<a href=\"https:\/\/www.st-jacques-lorraine.fr\/asso_lorraine\/nvx_site\/wp-content\/uploads\/2013\/12\/RL_16_01.pdf\">RL_16_01<\/a>\u00a0(en png &#8211; \u00e0 t\u00e9l\u00e9charger)<\/p>\n<p><a href=\"https:\/\/www.st-jacques-lorraine.fr\/asso_lorraine\/nvx_site\/wp-content\/uploads\/2013\/12\/RL_15_16_01.png\"><img loading=\"lazy\" decoding=\"async\" class=\"size-thumbnail wp-image-1017 alignleft\" src=\"https:\/\/www.st-jacques-lorraine.fr\/asso_lorraine\/nvx_site\/wp-content\/uploads\/2013\/12\/RL_15_16_01-150x150.png\" alt=\"RL_15_16_01\" width=\"150\" height=\"150\" \/><\/a><\/p>\n<p>&nbsp;<\/p>\n<p>&nbsp;<\/p>\n<p>&nbsp;<\/p>\n<p>&nbsp;<\/p>\n<p>Un article paru dans Vosges Matin de\u00a0Francis Jacquot qui vient de recevoir un p\u00e8lerin Polonais, d\u00e9cembre 2014.\u00a0<a href=\"https:\/\/www.st-jacques-lorraine.fr\/asso_lorraine\/nvx_site\/wp-content\/uploads\/2013\/12\/Sur-les-chemins-de-lEurope.....pdf\">Sur les chemins de l&rsquo;Europe&#8230;.<\/a>\u00a0(en pdf &#8211; \u00e0 t\u00e9l\u00e9charger)<\/p>\n<p><a href=\"https:\/\/www.st-jacques-lorraine.fr\/asso_lorraine\/nvx_site\/wp-content\/uploads\/2013\/12\/article_dec_2014.jpg\"><img loading=\"lazy\" decoding=\"async\" class=\"wp-image-982 alignleft\" src=\"https:\/\/www.st-jacques-lorraine.fr\/asso_lorraine\/nvx_site\/wp-content\/uploads\/2013\/12\/article_dec_2014-150x150.jpg\" alt=\"article_dec_2014\" width=\"80\" height=\"80\" \/><\/a><\/p>\n<p>&nbsp;<\/p>\n<p>Un article paru dans Vosges Matin de\u00a0Francis Jacquot, novembre 2014.<\/p>\n<p><a href=\"https:\/\/www.st-jacques-lorraine.fr\/asso_lorraine\/nvx_site\/wp-content\/uploads\/2013\/12\/vosges_matin_novembre_2014.jpg\"><img loading=\"lazy\" decoding=\"async\" class=\"size-thumbnail wp-image-986 alignleft\" src=\"https:\/\/www.st-jacques-lorraine.fr\/asso_lorraine\/nvx_site\/wp-content\/uploads\/2013\/12\/vosges_matin_novembre_2014-150x150.jpg\" alt=\"vosges_matin_novembre_2014\" width=\"150\" height=\"150\" \/><\/a><\/p>\n<p>&nbsp;<\/p>\n<p>&nbsp;<\/p>\n<p>&nbsp;<\/p>\n<p>Un article dans L&rsquo;Est R\u00e9publicain, octobre 2014.<\/p>\n<p><a href=\"https:\/\/www.st-jacques-lorraine.fr\/asso_lorraine\/nvx_site\/wp-content\/uploads\/2013\/12\/avioth_bd.jpg\"><img loading=\"lazy\" decoding=\"async\" class=\"size-thumbnail wp-image-956 alignleft\" src=\"https:\/\/www.st-jacques-lorraine.fr\/asso_lorraine\/nvx_site\/wp-content\/uploads\/2013\/12\/avioth_bd-150x150.jpg\" alt=\"avioth_bd\" width=\"150\" height=\"150\" \/><\/a><\/p>\n<p>&nbsp;<\/p>\n<p>&nbsp;<\/p>\n<p>&nbsp;<\/p>\n<p>Un article dans L&rsquo;Est R\u00e9publicain, octobre 2014.<br \/><a href=\"https:\/\/www.st-jacques-lorraine.fr\/asso_lorraine\/nvx_site\/wp-content\/uploads\/2013\/12\/ER_Compostelle_Lombardet_1014.jpg\"><img loading=\"lazy\" decoding=\"async\" class=\"size-thumbnail wp-image-925 alignleft\" src=\"https:\/\/www.st-jacques-lorraine.fr\/asso_lorraine\/nvx_site\/wp-content\/uploads\/2013\/12\/ER_Compostelle_Lombardet_1014-150x150.jpg\" alt=\"ER_Compostelle_Lombardet_1014\" width=\"150\" height=\"150\" \/><\/a><\/p>\n<p>&nbsp;<\/p>\n<p>&nbsp;<\/p>\n<p>&nbsp;<\/p>\n<p>Un article dans Vosges matin, octobre 2014.<br \/><a href=\"https:\/\/www.st-jacques-lorraine.fr\/asso_lorraine\/nvx_site\/wp-content\/uploads\/2013\/12\/jose_santamaria.jpg\"><img loading=\"lazy\" decoding=\"async\" class=\"size-thumbnail wp-image-923 alignleft\" src=\"https:\/\/www.st-jacques-lorraine.fr\/asso_lorraine\/nvx_site\/wp-content\/uploads\/2013\/12\/jose_santamaria-150x150.jpg\" alt=\"jose_santamaria\" width=\"150\" height=\"150\" \/><\/a><\/p>\n<p>&nbsp;<\/p>\n<p>&nbsp;<\/p>\n<p>&nbsp;<\/p>\n<p>Un article dans L&rsquo;Est R\u00e9publicain, \u00e9dition Meuse, septembre 2014.<br \/><a href=\"https:\/\/www.st-jacques-lorraine.fr\/asso_lorraine\/nvx_site\/wp-content\/uploads\/2013\/12\/pelerins_gondrecourt.jpg\"><img loading=\"lazy\" decoding=\"async\" class=\"size-thumbnail wp-image-921 alignleft\" src=\"https:\/\/www.st-jacques-lorraine.fr\/asso_lorraine\/nvx_site\/wp-content\/uploads\/2013\/12\/pelerins_gondrecourt-150x150.jpg\" alt=\"pelerins_gondrecourt\" width=\"150\" height=\"150\" \/><\/a><\/p>\n<p>&nbsp;<\/p>\n<p>&nbsp;<\/p>\n<p>&nbsp;<\/p>\n<p>Un article du Courrier Picard &#8211; Un g\u00eete communal dans une commune rurale. 29\/09\/2014<br \/>A lire <a href=\"https:\/\/www.st-jacques-lorraine.fr\/asso_lorraine\/nvx_site\/picardie-un-gite-communal-pour-accueillir-les-pelerins\/\">ici<\/a><\/p>\n<p>Un article &#8211;\u00a0Les accueils mussipontains en \u00e9vidence<\/p>\n<p><a href=\"https:\/\/www.st-jacques-lorraine.fr\/asso_lorraine\/nvx_site\/wp-content\/uploads\/2014\/07\/article_ER_PAM_guide_accueils1.jpg\"><img loading=\"lazy\" decoding=\"async\" class=\"size-thumbnail wp-image-737 alignleft\" src=\"https:\/\/www.st-jacques-lorraine.fr\/asso_lorraine\/nvx_site\/wp-content\/uploads\/2014\/07\/article_ER_PAM_guide_accueils1-150x150.jpg\" alt=\"Les accueils mussipontains\" width=\"150\" height=\"150\" \/><\/a><\/p>\n<p>&nbsp;<\/p>\n<p>&nbsp;<\/p>\n<p>&nbsp;<\/p>\n<p>Dans la presse locale &#8211; 2014<\/p>\n<p><a href=\"https:\/\/www.st-jacques-lorraine.fr\/asso_lorraine\/nvx_site\/wp-content\/uploads\/2013\/12\/VM_1aout2014.jpg\"><img loading=\"lazy\" decoding=\"async\" class=\"size-thumbnail wp-image-740 alignleft\" src=\"https:\/\/www.st-jacques-lorraine.fr\/asso_lorraine\/nvx_site\/wp-content\/uploads\/2013\/12\/VM_1aout2014-150x150.jpg\" alt=\"Le chemin de Compostelle s'arr\u00eate \u00e0 Thulli\u00e8res\" width=\"150\" height=\"150\" \/><\/a><\/p>\n<p><img loading=\"lazy\" decoding=\"async\" class=\"size-thumbnail wp-image-633 alignright\" src=\"https:\/\/www.st-jacques-lorraine.fr\/asso_lorraine\/nvx_site\/wp-content\/uploads\/2013\/12\/pelerin_Chatenois-150x150.jpg\" alt=\"pelerin_Chatenois\" width=\"150\" height=\"150\" \/><img loading=\"lazy\" decoding=\"async\" class=\"size-thumbnail wp-image-564 alignleft\" src=\"https:\/\/www.st-jacques-lorraine.fr\/asso_lorraine\/nvx_site\/wp-content\/uploads\/2013\/12\/sexey-compostela-150x150.jpg\" alt=\"sexey-compostela\" width=\"150\" height=\"150\" \/><\/p>\n<p><a href=\"https:\/\/www.st-jacques-lorraine.fr\/asso_lorraine\/nvx_site\/wp-content\/uploads\/2013\/12\/Article-France-Agricole-22-10-13-Chemin-Compostelle.jpg\"><img loading=\"lazy\" decoding=\"async\" class=\"aligncenter size-thumbnail wp-image-479\" src=\"https:\/\/www.st-jacques-lorraine.fr\/asso_lorraine\/nvx_site\/wp-content\/uploads\/2013\/12\/Article-France-Agricole-22-10-13-Chemin-Compostelle-150x150.jpg\" alt=\"Article France Agricole 22-10-13 - Chemin Compostelle\" width=\"150\" height=\"150\" \/><\/a>La France agricole &#8211; octobre 2013<\/p>\n<p><strong>***************************************************************<\/strong><\/p>\n<p>Les anciens articles de l&rsquo;Est R\u00e9publicain entre 2007 \u00e0 2011 :<\/p>\n<p><a href=\"https:\/\/www.st-jacques-lorraine.fr\/asso_lorraine\/nvx_site\/wp-content\/uploads\/2013\/12\/est-republicain-AG-du-31-janvier-2009.jpg\"><img loading=\"lazy\" decoding=\"async\" class=\"aligncenter size-thumbnail wp-image-493\" src=\"https:\/\/www.st-jacques-lorraine.fr\/asso_lorraine\/nvx_site\/wp-content\/uploads\/2013\/12\/est-republicain-AG-du-31-janvier-2009-150x150.jpg\" alt=\"est republicain AG du 31 janvier 2009\" width=\"150\" height=\"150\" \/><\/a> <a href=\"https:\/\/www.st-jacques-lorraine.fr\/asso_lorraine\/nvx_site\/wp-content\/uploads\/2013\/12\/POMPEY-mai2008photo.jpg\"><img loading=\"lazy\" decoding=\"async\" class=\"aligncenter size-thumbnail wp-image-491\" src=\"https:\/\/www.st-jacques-lorraine.fr\/asso_lorraine\/nvx_site\/wp-content\/uploads\/2013\/12\/POMPEY-mai2008photo-150x150.jpg\" alt=\"POMPEY mai2008photo\" width=\"150\" height=\"150\" \/><\/a> <a href=\"https:\/\/www.st-jacques-lorraine.fr\/asso_lorraine\/nvx_site\/wp-content\/uploads\/2013\/12\/POMPEY-mai2008.jpg\"><img loading=\"lazy\" decoding=\"async\" class=\"aligncenter size-thumbnail wp-image-490\" src=\"https:\/\/www.st-jacques-lorraine.fr\/asso_lorraine\/nvx_site\/wp-content\/uploads\/2013\/12\/POMPEY-mai2008-150x150.jpg\" alt=\"POMPEY mai2008\" width=\"150\" height=\"150\" \/><\/a> <a href=\"https:\/\/www.st-jacques-lorraine.fr\/asso_lorraine\/nvx_site\/wp-content\/uploads\/2013\/12\/AGO26JANVIER2008-Medium.jpg\"><img loading=\"lazy\" decoding=\"async\" class=\"aligncenter size-thumbnail wp-image-489\" src=\"https:\/\/www.st-jacques-lorraine.fr\/asso_lorraine\/nvx_site\/wp-content\/uploads\/2013\/12\/AGO26JANVIER2008-Medium-150x150.jpg\" alt=\"AGO26JANVIER2008 (Medium)\" width=\"150\" height=\"150\" \/><\/a> <a href=\"https:\/\/www.st-jacques-lorraine.fr\/asso_lorraine\/nvx_site\/wp-content\/uploads\/2013\/12\/article-ER.jpg\"><img loading=\"lazy\" decoding=\"async\" class=\"aligncenter size-thumbnail wp-image-487\" src=\"https:\/\/www.st-jacques-lorraine.fr\/asso_lorraine\/nvx_site\/wp-content\/uploads\/2013\/12\/article-ER-150x150.jpg\" alt=\"article ER\" width=\"150\" height=\"150\" \/><\/a> <a href=\"https:\/\/www.st-jacques-lorraine.fr\/asso_lorraine\/nvx_site\/wp-content\/uploads\/2013\/12\/article-est-republicain-\u00e0-toul-le-janv-2007.jpg\"><img loading=\"lazy\" decoding=\"async\" class=\"aligncenter size-thumbnail wp-image-486\" src=\"https:\/\/www.st-jacques-lorraine.fr\/asso_lorraine\/nvx_site\/wp-content\/uploads\/2013\/12\/article-est-republicain-\u00e0-toul-le-janv-2007-150x150.jpg\" alt=\"article est republicain \u00e0 toul le janv  2007\" width=\"150\" height=\"150\" \/><\/a><\/p>\n<p><a href=\"https:\/\/www.st-jacques-lorraine.fr\/asso_lorraine\/nvx_site\/wp-content\/uploads\/2013\/12\/solgne708.jpg\"><img loading=\"lazy\" decoding=\"async\" class=\"aligncenter size-thumbnail wp-image-504\" src=\"https:\/\/www.st-jacques-lorraine.fr\/asso_lorraine\/nvx_site\/wp-content\/uploads\/2013\/12\/solgne708-150x150.jpg\" alt=\"solgne708\" width=\"150\" height=\"150\" \/><\/a><\/p>\n<p><strong><strong>***************************************************************<\/strong><\/strong><\/p>\n<p>Divers coupures de presse :<\/p>\n<p><a href=\"https:\/\/www.st-jacques-lorraine.fr\/asso_lorraine\/nvx_site\/wp-content\/uploads\/2013\/12\/2012-Article-3-rives.jpg\"><img loading=\"lazy\" decoding=\"async\" class=\"aligncenter size-thumbnail wp-image-498\" src=\"https:\/\/www.st-jacques-lorraine.fr\/asso_lorraine\/nvx_site\/wp-content\/uploads\/2013\/12\/2012-Article-3-rives-150x150.jpg\" alt=\"2012 Article 3 rives\" width=\"150\" height=\"150\" \/><\/a><\/p>\n<p>Coupures de presse \u00e0 t\u00e9l\u00e9charger au format pdf :<\/p>\n<p><a href=\"https:\/\/www.st-jacques-lorraine.fr\/asso_lorraine\/nvx_site\/wp-content\/uploads\/2014\/08\/SCO-1B0614072319141.pdf\">SCO-1B0614072319141<\/a> <a href=\"https:\/\/www.st-jacques-lorraine.fr\/asso_lorraine\/nvx_site\/wp-content\/uploads\/2014\/08\/SCO-1B0614072319110.pdf\">SCO-1B0614072319110<\/a><\/p>\n<p><a href=\"https:\/\/www.st-jacques-lorraine.fr\/asso_lorraine\/nvx_site\/wp-content\/uploads\/2014\/08\/SCO-1B0614072319111.pdf\">SCO-1B0614072319111<\/a> <a href=\"https:\/\/www.st-jacques-lorraine.fr\/asso_lorraine\/nvx_site\/wp-content\/uploads\/2014\/08\/SCO-1B0614072319130.pdf\">SCO-1B0614072319130<\/a><\/p>\n<p><a href=\"https:\/\/www.st-jacques-lorraine.fr\/asso_lorraine\/nvx_site\/wp-content\/uploads\/2014\/08\/SCO-1B0614072319131.pdf\">SCO-1B0614072319131<\/a> <a href=\"https:\/\/www.st-jacques-lorraine.fr\/asso_lorraine\/nvx_site\/wp-content\/uploads\/2014\/08\/SCO-1B0614072319140.pdf\">SCO-1B0614072319140<\/a><\/p>\n<p><a href=\"https:\/\/www.st-jacques-lorraine.fr\/asso_lorraine\/nvx_site\/wp-content\/uploads\/2014\/08\/SCO-1B0614072319152.pdf\">SCO-1B0614072319152<\/a> <a href=\"https:\/\/www.st-jacques-lorraine.fr\/asso_lorraine\/nvx_site\/wp-content\/uploads\/2014\/08\/SCO-1B0614072319151.pdf\">SCO-1B0614072319151<\/a><\/p>\n<p><a href=\"https:\/\/www.st-jacques-lorraine.fr\/asso_lorraine\/nvx_site\/wp-content\/uploads\/2014\/08\/SCO-1B0614072319150.pdf\">SCO-1B0614072319150<\/a> <a href=\"https:\/\/www.st-jacques-lorraine.fr\/asso_lorraine\/nvx_site\/wp-content\/uploads\/2014\/08\/SCO-1B0614072319160.pdf\">SCO-1B0614072319160<\/a><\/p>\n<p><a href=\"https:\/\/www.st-jacques-lorraine.fr\/asso_lorraine\/nvx_site\/wp-content\/uploads\/2014\/08\/SCO-1B0614072319161.pdf\">SCO-1B0614072319161<\/a> <a href=\"https:\/\/www.st-jacques-lorraine.fr\/asso_lorraine\/nvx_site\/wp-content\/uploads\/2014\/08\/SCO-1B0614072319162.pdf\">SCO-1B0614072319162<\/a><\/p>\n<p><a href=\"https:\/\/www.st-jacques-lorraine.fr\/asso_lorraine\/nvx_site\/wp-content\/uploads\/2014\/08\/SCO-1B0614072319170.pdf\">SCO-1B0614072319170<\/a> <a href=\"https:\/\/www.st-jacques-lorraine.fr\/asso_lorraine\/nvx_site\/wp-content\/uploads\/2014\/08\/SCO-1B0614072319181.pdf\">SCO-1B0614072319181<\/a><\/p>\n<p><a href=\"https:\/\/www.st-jacques-lorraine.fr\/asso_lorraine\/nvx_site\/wp-content\/uploads\/2014\/08\/SCO-1B0614072319180.pdf\">SCO-1B0614072319180<\/a> <a href=\"https:\/\/www.st-jacques-lorraine.fr\/asso_lorraine\/nvx_site\/wp-content\/uploads\/2014\/08\/SCO-1B0614072319172.pdf\">SCO-1B0614072319172<\/a><\/p>\n<p><a href=\"https:\/\/www.st-jacques-lorraine.fr\/asso_lorraine\/nvx_site\/wp-content\/uploads\/2014\/08\/SCO-1B0614072319171.pdf\">SCO-1B0614072319171<\/a> <a href=\"https:\/\/www.st-jacques-lorraine.fr\/asso_lorraine\/nvx_site\/wp-content\/uploads\/2014\/08\/SCO-1B0614072319182.pdf\">SCO-1B0614072319182<\/a><\/p>\n<p><a href=\"https:\/\/www.st-jacques-lorraine.fr\/asso_lorraine\/nvx_site\/wp-content\/uploads\/2014\/08\/SCO-1B0614072319190.pdf\">SCO-1B0614072319190<\/a> <a href=\"https:\/\/www.st-jacques-lorraine.fr\/asso_lorraine\/nvx_site\/wp-content\/uploads\/2014\/08\/SCO-1B0614072319191.pdf\">SCO-1B0614072319191<\/a><\/p>\n<p><a href=\"https:\/\/www.st-jacques-lorraine.fr\/asso_lorraine\/nvx_site\/wp-content\/uploads\/2014\/08\/SCO-1B0614072319192.pdf\">SCO-1B0614072319192<\/a> <a href=\"https:\/\/www.st-jacques-lorraine.fr\/asso_lorraine\/nvx_site\/wp-content\/uploads\/2014\/08\/SCO-1B0614072319200.pdf\">SCO-1B0614072319200<\/a><\/p>\n<p><a href=\"https:\/\/www.st-jacques-lorraine.fr\/asso_lorraine\/nvx_site\/wp-content\/uploads\/2014\/08\/SCO-1B0614072319201.pdf\">SCO-1B0614072319201<\/a> <a href=\"https:\/\/www.st-jacques-lorraine.fr\/asso_lorraine\/nvx_site\/wp-content\/uploads\/2014\/08\/SCO-1B0614072319210.pdf\">SCO-1B0614072319210<\/a><\/p>\n<p><a href=\"https:\/\/www.st-jacques-lorraine.fr\/asso_lorraine\/nvx_site\/wp-content\/uploads\/2014\/08\/SCO-1B0614072319211.pdf\">SCO-1B0614072319211<\/a> <a href=\"https:\/\/www.st-jacques-lorraine.fr\/asso_lorraine\/nvx_site\/wp-content\/uploads\/2014\/08\/SCO-1B0614072319212.pdf\">SCO-1B0614072319212<\/a><\/p>\n<p><a href=\"https:\/\/www.st-jacques-lorraine.fr\/asso_lorraine\/nvx_site\/wp-content\/uploads\/2014\/08\/SCO-1B0614072319220.pdf\">SCO-1B0614072319220<\/a> <a href=\"https:\/\/www.st-jacques-lorraine.fr\/asso_lorraine\/nvx_site\/wp-content\/uploads\/2014\/08\/SCO-1B0614072319221.pdf\">SCO-1B0614072319221<\/a><\/p>\n<p><a href=\"https:\/\/www.st-jacques-lorraine.fr\/asso_lorraine\/nvx_site\/wp-content\/uploads\/2014\/08\/SCO-1B0614082116410.pdf\">SCO-1B0614082116410<\/a> <a href=\"https:\/\/www.st-jacques-lorraine.fr\/asso_lorraine\/nvx_site\/wp-content\/uploads\/2014\/08\/SCO-1B0614082116411.pdf\">SCO-1B0614082116411<\/a><\/p>\n<p><a href=\"https:\/\/www.st-jacques-lorraine.fr\/asso_lorraine\/nvx_site\/wp-content\/uploads\/2014\/08\/SCO-1B0614082116420.pdf\">SCO-1B0614082116420<\/a> <a href=\"https:\/\/www.st-jacques-lorraine.fr\/asso_lorraine\/nvx_site\/wp-content\/uploads\/2014\/08\/SCO-1B0614082116421.pdf\">SCO-1B0614082116421<\/a><\/p>\n<p><a href=\"https:\/\/www.st-jacques-lorraine.fr\/asso_lorraine\/nvx_site\/wp-content\/uploads\/2014\/08\/SCO-1B0614082116430.pdf\">SCO-1B0614082116430<\/a> <a href=\"https:\/\/www.st-jacques-lorraine.fr\/asso_lorraine\/nvx_site\/wp-content\/uploads\/2014\/08\/SCO-1B0614082116431.pdf\">SCO-1B0614082116431<\/a><\/p>\n<p><a href=\"https:\/\/www.st-jacques-lorraine.fr\/asso_lorraine\/nvx_site\/wp-content\/uploads\/2014\/08\/SCO-1B0614082116432.pdf\">SCO-1B0614082116432<\/a> <a href=\"https:\/\/www.st-jacques-lorraine.fr\/asso_lorraine\/nvx_site\/wp-content\/uploads\/2014\/08\/SCO-1B0614082116440.pdf\">SCO-1B0614082116440<\/a><\/p>\n<p><a href=\"https:\/\/www.st-jacques-lorraine.fr\/asso_lorraine\/nvx_site\/wp-content\/uploads\/2014\/08\/SCO-1B0614082116441.pdf\">SCO-1B0614082116441<\/a> <a href=\"https:\/\/www.st-jacques-lorraine.fr\/asso_lorraine\/nvx_site\/wp-content\/uploads\/2014\/08\/SCO-1B0614082116450.pdf\">SCO-1B0614082116450<\/a><\/p>\n<p><a href=\"https:\/\/www.st-jacques-lorraine.fr\/asso_lorraine\/nvx_site\/wp-content\/uploads\/2014\/08\/SCO-1B0614082116451.pdf\">SCO-1B0614082116451<\/a> <a href=\"https:\/\/www.st-jacques-lorraine.fr\/asso_lorraine\/nvx_site\/wp-content\/uploads\/2014\/08\/SCO-1B0614082116460.pdf\">SCO-1B0614082116460<\/a><\/p>\n<p><a href=\"https:\/\/www.st-jacques-lorraine.fr\/asso_lorraine\/nvx_site\/wp-content\/uploads\/2014\/08\/SCO-1B0614082116461.pdf\">SCO-1B0614082116461<\/a> <a href=\"https:\/\/www.st-jacques-lorraine.fr\/asso_lorraine\/nvx_site\/wp-content\/uploads\/2014\/08\/SCO-1B0614082116462.pdf\">SCO-1B0614082116462<\/a><\/p>\n<p><a href=\"https:\/\/www.st-jacques-lorraine.fr\/asso_lorraine\/nvx_site\/wp-content\/uploads\/2014\/08\/SCO-1B0614082116470.pdf\">SCO-1B0614082116470<\/a> <a href=\"https:\/\/www.st-jacques-lorraine.fr\/asso_lorraine\/nvx_site\/wp-content\/uploads\/2014\/08\/SCO-1B0614082116471.pdf\">SCO-1B0614082116471<\/a><\/p>\n<p><a href=\"https:\/\/www.st-jacques-lorraine.fr\/asso_lorraine\/nvx_site\/wp-content\/uploads\/2014\/08\/SCO-1B0614082116472.pdf\">SCO-1B0614082116472<\/a> <a href=\"https:\/\/www.st-jacques-lorraine.fr\/asso_lorraine\/nvx_site\/wp-content\/uploads\/2014\/08\/SCO-1B0614082116480.pdf\">SCO-1B0614082116480<\/a><\/p>\n<p><a href=\"https:\/\/www.st-jacques-lorraine.fr\/asso_lorraine\/nvx_site\/wp-content\/uploads\/2014\/08\/SCO-1B0614082116481.pdf\">SCO-1B0614082116481<\/a> <a href=\"https:\/\/www.st-jacques-lorraine.fr\/asso_lorraine\/nvx_site\/wp-content\/uploads\/2014\/08\/SCO-1B0614082116490.pdf\">SCO-1B0614082116490<\/a><\/p>\n<p><a href=\"https:\/\/www.st-jacques-lorraine.fr\/asso_lorraine\/nvx_site\/wp-content\/uploads\/2014\/08\/SCO-1B0614082116491.pdf\">SCO-1B0614082116491<\/a> <a href=\"https:\/\/www.st-jacques-lorraine.fr\/asso_lorraine\/nvx_site\/wp-content\/uploads\/2014\/08\/SCO-1B0614082116510.pdf\">SCO-<\/a><a href=\"https:\/\/www.st-jacques-lorraine.fr\/asso_lorraine\/nvx_site\/wp-content\/uploads\/2014\/08\/SCO-1B0614082116510.pdf\">1B0614082116510<\/a><\/p>\n<p><a href=\"https:\/\/www.st-jacques-lorraine.fr\/asso_lorraine\/nvx_site\/wp-content\/uploads\/2014\/08\/SCO-1B0614082116501.pdf\">SCO-1B0614082116501<\/a> <a href=\"https:\/\/www.st-jacques-lorraine.fr\/asso_lorraine\/nvx_site\/wp-content\/uploads\/2014\/08\/SCO-1B0614082116500.pdf\">SCO-1B0614082116500<\/a><\/p>\n<p><a href=\"https:\/\/www.st-jacques-lorraine.fr\/asso_lorraine\/nvx_site\/wp-content\/uploads\/2014\/08\/SCO-1B0614082116492.pdf\">SCO-1B0614082116492<\/a><\/p>","protected":false},"excerpt":{"rendered":"<p>8 juillet 2025 Vosges Matin 28 septembre 2023 Vosges Matin Septembre 2023 Vosges Matin 25 ao\u00fbt 2023 Presse de Toul Robert, Vosges matin &nbsp; &nbsp; &nbsp; Claude et Jacques de Charmes, Vosges matin. &nbsp; &nbsp; &nbsp; &nbsp; &nbsp; Claudine et &hellip; <a href=\"https:\/\/www.st-jacques-lorraine.fr\/asso_lorraine\/nvx_site\/la-documentation-archives\/dans-la-presse\/\">Continuer la lecture <span class=\"meta-nav\">&rarr;<\/span><\/a><\/p>\n","protected":false},"author":2,"featured_media":0,"parent":21,"menu_order":0,"comment_status":"closed","ping_status":"closed","template":"","meta":{"footnotes":""},"class_list":["post-478","page","type-page","status-publish","hentry"],"_links":{"self":[{"href":"https:\/\/www.st-jacques-lorraine.fr\/asso_lorraine\/nvx_site\/wp-json\/wp\/v2\/pages\/478","targetHints":{"allow":["GET"]}}],"collection":[{"href":"https:\/\/www.st-jacques-lorraine.fr\/asso_lorraine\/nvx_site\/wp-json\/wp\/v2\/pages"}],"about":[{"href":"https:\/\/www.st-jacques-lorraine.fr\/asso_lorraine\/nvx_site\/wp-json\/wp\/v2\/types\/page"}],"author":[{"embeddable":true,"href":"https:\/\/www.st-jacques-lorraine.fr\/asso_lorraine\/nvx_site\/wp-json\/wp\/v2\/users\/2"}],"replies":[{"embeddable":true,"href":"https:\/\/www.st-jacques-lorraine.fr\/asso_lorraine\/nvx_site\/wp-json\/wp\/v2\/comments?post=478"}],"version-history":[{"count":63,"href":"https:\/\/www.st-jacques-lorraine.fr\/asso_lorraine\/nvx_site\/wp-json\/wp\/v2\/pages\/478\/revisions"}],"predecessor-version":[{"id":3888,"href":"https:\/\/www.st-jacques-lorraine.fr\/asso_lorraine\/nvx_site\/wp-json\/wp\/v2\/pages\/478\/revisions\/3888"}],"up":[{"embeddable":true,"href":"https:\/\/www.st-jacques-lorraine.fr\/asso_lorraine\/nvx_site\/wp-json\/wp\/v2\/pages\/21"}],"wp:attachment":[{"href":"https:\/\/www.st-jacques-lorraine.fr\/asso_lorraine\/nvx_site\/wp-json\/wp\/v2\/media?parent=478"}],"curies":[{"name":"wp","href":"https:\/\/api.w.org\/{rel}","templated":true}]}}